{"id":5748,"date":"2020-12-22T14:11:27","date_gmt":"2020-12-22T14:11:27","guid":{"rendered":"https:\/\/pia.fim-frauenrecht.de\/informatii-referitoare-la-sanatate\/sanatatea-generala"},"modified":"2025-07-04T10:27:53","modified_gmt":"2025-07-04T10:27:53","slug":"sanatatea-generala","status":"publish","type":"page","link":"https:\/\/pia-hessen.de\/ro\/informatii-referitoare-la-sanatate\/sanatatea-generala","title":{"rendered":"S\u0103n\u0103tatea general\u0103"},"content":{"rendered":"<div id='full_slider_1'  class='avia-fullwidth-slider main_color avia-shadow   avia-builder-el-0  el_before_av_section  avia-builder-el-first   container_wrap sidebar_right'  ><div  class='avia-slideshow av-k5u8417p-51fa327718471590041f1628efe5da80 avia-slideshow-no scaling av_slideshow_full avia-fade-slider av-slideshow-ui av-control-hidden av-no-slider-navigation av-hide-nav-arrows av-slideshow-manual av-loop-once av-loop-manual-endless av-default-height-applied   avia-slideshow-1' data-slideshow-options=\"{&quot;animation&quot;:&quot;fade&quot;,&quot;autoplay&quot;:false,&quot;loop_autoplay&quot;:&quot;once&quot;,&quot;interval&quot;:5,&quot;loop_manual&quot;:&quot;manual-endless&quot;,&quot;autoplay_stopper&quot;:false,&quot;noNavigation&quot;:true,&quot;bg_slider&quot;:false,&quot;keep_padding&quot;:false,&quot;hoverpause&quot;:false,&quot;show_slide_delay&quot;:0}\"  itemprop=\"image\" itemscope=\"itemscope\" itemtype=\"https:\/\/schema.org\/ImageObject\" ><ul class='avia-slideshow-inner ' style='padding-bottom: 1.6129032258065%;'><li  class='avia-slideshow-slide av-k5u8417p-51fa327718471590041f1628efe5da80__0  av-single-slide slide-1 slide-odd'><div data-rel='slideshow-1' class='avia-slide-wrap '   ><img decoding=\"async\" fetchpriority=\"high\" class=\"wp-image-3782 avia-img-lazy-loading-not-3782\"  src=\"https:\/\/pia-hessen.de\/wp-content\/uploads\/2020\/01\/balken-1.png\" width=\"1550\" height=\"25\" title='balken' alt=''  itemprop=\"thumbnailUrl\"  style='min-height:20px; min-width:1240px; ' srcset=\"https:\/\/pia-hessen.de\/wp-content\/uploads\/2020\/01\/balken-1.png 1550w, https:\/\/pia-hessen.de\/wp-content\/uploads\/2020\/01\/balken-1-300x5.png 300w, https:\/\/pia-hessen.de\/wp-content\/uploads\/2020\/01\/balken-1-1030x17.png 1030w, https:\/\/pia-hessen.de\/wp-content\/uploads\/2020\/01\/balken-1-768x12.png 768w, https:\/\/pia-hessen.de\/wp-content\/uploads\/2020\/01\/balken-1-1536x25.png 1536w, https:\/\/pia-hessen.de\/wp-content\/uploads\/2020\/01\/balken-1-1500x24.png 1500w, https:\/\/pia-hessen.de\/wp-content\/uploads\/2020\/01\/balken-1-705x11.png 705w\" sizes=\"(max-width: 1550px) 100vw, 1550px\" \/><\/div><\/li><\/ul><\/div><\/div>\n<div id='av_section_1'  class='avia-section av-1m9jn-b6036d40cac0c5be9199506d72b001eb main_color avia-section-default avia-no-border-styling  avia-builder-el-1  el_after_av_slideshow_full  el_before_av_section  avia-bg-style-scroll container_wrap sidebar_right'  ><div class='container av-section-cont-open' ><div class='template-page content  av-content-small alpha units'><div class='post-entry post-entry-type-page post-entry-5748'><div class='entry-content-wrapper clearfix'>\n\n<style type=\"text\/css\" data-created_by=\"avia_inline_auto\" id=\"style-css-av-wb1z-88d98e97dafaa024a68403d7f9642726\">\n.flex_column.av-wb1z-88d98e97dafaa024a68403d7f9642726{\nborder-radius:0px 0px 0px 0px;\npadding:0 0px 20px 0px;\n}\n<\/style>\n<div  class='flex_column av-wb1z-88d98e97dafaa024a68403d7f9642726 av_one_full  avia-builder-el-2  avia-builder-el-no-sibling  first flex_column_div av-animated-generic pop-up  '     ><p>\n<style type=\"text\/css\" data-created_by=\"avia_inline_auto\" id=\"style-css-av-9ilqf-60f2d548e9eecaa420ea58cf431917d1\">\n#top .hr.av-9ilqf-60f2d548e9eecaa420ea58cf431917d1{\nmargin-top:5px;\nmargin-bottom:35px;\n}\n.hr.av-9ilqf-60f2d548e9eecaa420ea58cf431917d1 .hr-inner{\nwidth:50px;\nborder-color:#9e2745;\n}\n<\/style>\n<div  class='hr av-9ilqf-60f2d548e9eecaa420ea58cf431917d1 hr-custom  avia-builder-el-3  el_before_av_textblock  avia-builder-el-first  hr-center hr-icon-no'><span class='hr-inner inner-border-av-border-fat'><span class=\"hr-inner-style\"><\/span><\/span><\/div><br \/>\n\n<style type=\"text\/css\" data-created_by=\"avia_inline_auto\" id=\"style-css-av-k5qtc3yy-627ac211b29083dd4d163f8cd42f852e\">\n\n@media only screen and (max-width: 479px){ \n#top .av_textblock_section.av-k5qtc3yy-627ac211b29083dd4d163f8cd42f852e .avia_textblock{\nfont-size:20px;\n}\n}\n<\/style>\n<section  class='av_textblock_section av-k5qtc3yy-627ac211b29083dd4d163f8cd42f852e '   itemscope=\"itemscope\" itemtype=\"https:\/\/schema.org\/CreativeWork\" ><div class='avia_textblock'  itemprop=\"text\" ><h1 style=\"text-align: center;\">S\u0103n\u0103tatea general\u0103<\/h1>\n<p style=\"text-align: center;\">C\u00e2teodat\u0103 te \u00eemboln\u0103ve\u0219ti \u0219i poate c\u0103 nu \u0219tii ce s\u0103 faci. Dac\u0103 nu ai asigurare de s\u0103n\u0103tate, po\u021bi apela la urm\u0103toarele institu\u0163ii \u0219i organiza\u021bii. Acestea ofer\u0103 servicii medicale gratuite pentru persoanele neasigurate. \u00cen Germania este \u00eens\u0103 important \u0219i obligatoriu s\u0103 ai asigurare de s\u0103n\u0103tate. Ca asigurat beneficiezi de servicii medicale mai bune \u0219i po\u021bi consulta orice medic. Dac\u0103 vrei s\u0103 te sf\u0103tuie\u0219ti cu privire la asigurarea de s\u0103n\u0103tate, contacteaz\u0103 <a href=\"https:\/\/pia-hessen.de\/ro\/anlauf-und-beratungsstellen\">un centru de consiliere<\/a>.<\/p>\n<\/div><\/section><\/p><\/div>\n\n<\/div><\/div><\/div><!-- close content main div --><\/div><\/div><div id='sozialberatung'  class='avia-section av-lp5um2-332716268a00483a7ed8e67d8377d142 main_color avia-section-default avia-no-shadow  avia-builder-el-5  el_after_av_section  el_before_av_section  avia-bg-style-parallax container_wrap sidebar_right'  ><div class='container av-section-cont-open' ><div class='template-page content  av-content-small alpha units'><div class='post-entry post-entry-type-page post-entry-5748'><div class='entry-content-wrapper clearfix'>\n\n<style type=\"text\/css\" data-created_by=\"avia_inline_auto\" id=\"style-css-av-l8an1m-4da65a621129417ef5ca7a81d579da0d\">\n#top .av-special-heading.av-l8an1m-4da65a621129417ef5ca7a81d579da0d{\nmargin:0 0 0px 0;\npadding-bottom:0;\n}\nbody .av-special-heading.av-l8an1m-4da65a621129417ef5ca7a81d579da0d .av-special-heading-tag .heading-char{\nfont-size:25px;\n}\n.av-special-heading.av-l8an1m-4da65a621129417ef5ca7a81d579da0d .av-subheading{\nfont-size:15px;\n}\n<\/style>\n<div  id=\"Darmstadt\"  class='av-special-heading av-l8an1m-4da65a621129417ef5ca7a81d579da0d av-special-heading-h2 blockquote modern-quote  avia-builder-el-6  el_before_av_toggle_container  avia-builder-el-first '><h2 class='av-special-heading-tag '  itemprop=\"headline\"  >Darmstadt<\/h2><div class=\"special-heading-border\"><div class=\"special-heading-inner-border\"><\/div><\/div><\/div>\n\n<style type=\"text\/css\" data-created_by=\"avia_inline_auto\" id=\"style-css-av-kosn9k34-442db1dc03c72dcf80e7d187d819dbe7\">\n#top .togglecontainer.av-kosn9k34-442db1dc03c72dcf80e7d187d819dbe7 p.toggler .toggle_icon{\ncolor:#000000;\nborder-color:#000000;\n}\n#top .togglecontainer.av-kosn9k34-442db1dc03c72dcf80e7d187d819dbe7 p.toggler .toggle_icon > span{\ncolor:#000000;\nborder-color:#000000;\n}\n<\/style>\n<div  class='togglecontainer av-kosn9k34-442db1dc03c72dcf80e7d187d819dbe7 av-minimal-toggle  avia-builder-el-7  el_after_av_heading  avia-builder-el-last  toggle_close_all' >\n<section class='av_toggle_section av-kosn9j56-f7f0b5858333d22bea8f47a40126c0cd'  itemscope=\"itemscope\" itemtype=\"https:\/\/schema.org\/CreativeWork\" ><div role=\"tablist\" class=\"single_toggle\" data-tags=\"{Toate} \"  ><p id='toggle-toggle-id-1' data-fake-id='#toggle-id-1' class='toggler  av-title-above '  itemprop=\"headline\"  role='tab' tabindex='0' aria-controls='toggle-id-1' data-slide-speed=\"200\" data-title=\"Malteser - medicin\u0103 pentru emigran\u021bi \u00een Darmstadt (Malteser Migranten Medizin)\" data-title-open=\"\" data-aria_collapsed=\"Click to expand: Malteser - medicin\u0103 pentru emigran\u021bi \u00een Darmstadt (Malteser Migranten Medizin)\" data-aria_expanded=\"Click to collapse: Malteser - medicin\u0103 pentru emigran\u021bi \u00een Darmstadt (Malteser Migranten Medizin)\">Malteser - medicin\u0103 pentru emigran\u021bi \u00een Darmstadt (Malteser Migranten Medizin)<span class=\"toggle_icon\"><span class=\"vert_icon\"><\/span><span class=\"hor_icon\"><\/span><\/span><\/p><div id='toggle-id-1' aria-labelledby='toggle-toggle-id-1' role='region' class='toggle_wrap  av-title-above'  ><div class='toggle_content invers-color '  itemprop=\"text\" ><p><strong>La organiza\u021bia Malteser Migranten Medizin (MMM) persoanele f\u0103r\u0103 reziden\u021b\u0103 legal\u0103 sau f\u0103r\u0103 asigurare de s\u0103n\u0103tate au acces la un doctor pentru \u00eengrijire de urgen\u021b\u0103 \u00een cazul unei boli subite, v\u0103t\u0103mare corporal\u0103 sau sarcin\u0103.<\/strong><\/p>\n<p>Deoarece mul\u021bi pacien\u021bi nu vor s\u0103 mearg\u0103 la spital sau la un cabinet specializat, Malteser ofer\u0103 ajutor sub protec\u021bia anonimatului.<\/p>\n<p><strong>Program de lucru:<\/strong><br \/>\nConsultan\u021b\u0103 medical\u0103 \u00een fiecare miercuri<br \/>\n14:30 \u2013 18:00<\/p>\n<p>\u00een Marienhospital<br \/>\nMartinspfad 72<br \/>\n64285 Darmstadt<\/p>\n<p>Telefon: 06151 406-116<br \/>\nFax: 06151 406-194<br \/>\nEmail:\u00a0<a href=\"mailto:mmm-darmstadt@web.de\">mmm-darmstadt@web.de<\/a><\/p>\n<\/div><\/div><\/div><\/section>\n<\/div>\n\n<\/div><\/div><\/div><!-- close content main div --><\/div><\/div><div id='sozialberatung'  class='avia-section av-j82z2y-e8d286ae7efc5d43fb69ea29873b0f29 main_color avia-section-default avia-no-shadow  avia-builder-el-8  el_after_av_section  el_before_av_section  avia-bg-style-parallax container_wrap sidebar_right'  ><div class='container av-section-cont-open' ><div class='template-page content  av-content-small alpha units'><div class='post-entry post-entry-type-page post-entry-5748'><div class='entry-content-wrapper clearfix'>\n\n<style type=\"text\/css\" data-created_by=\"avia_inline_auto\" id=\"style-css-av-gx17wq-52ce3162e4a7f961ad85d3c36fdfb7c3\">\n#top .av-special-heading.av-gx17wq-52ce3162e4a7f961ad85d3c36fdfb7c3{\nmargin:0 0 0px 0;\npadding-bottom:0;\n}\nbody .av-special-heading.av-gx17wq-52ce3162e4a7f961ad85d3c36fdfb7c3 .av-special-heading-tag .heading-char{\nfont-size:25px;\n}\n.av-special-heading.av-gx17wq-52ce3162e4a7f961ad85d3c36fdfb7c3 .av-subheading{\nfont-size:15px;\n}\n<\/style>\n<div  id=\"Frankfurt\"  class='av-special-heading av-gx17wq-52ce3162e4a7f961ad85d3c36fdfb7c3 av-special-heading-h2 blockquote modern-quote  avia-builder-el-9  el_before_av_toggle_container  avia-builder-el-first '><h2 class='av-special-heading-tag '  itemprop=\"headline\"  >Frankfurt am Main<\/h2><div class=\"special-heading-border\"><div class=\"special-heading-inner-border\"><\/div><\/div><\/div>\n\n<style type=\"text\/css\" data-created_by=\"avia_inline_auto\" id=\"style-css-av-kosnr565-9049553a70c7df0d6a90c6e13a4cfcfa\">\n#top .togglecontainer.av-kosnr565-9049553a70c7df0d6a90c6e13a4cfcfa p.toggler .toggle_icon{\ncolor:#000000;\nborder-color:#000000;\n}\n#top .togglecontainer.av-kosnr565-9049553a70c7df0d6a90c6e13a4cfcfa p.toggler .toggle_icon > span{\ncolor:#000000;\nborder-color:#000000;\n}\n<\/style>\n<div  class='togglecontainer av-kosnr565-9049553a70c7df0d6a90c6e13a4cfcfa av-minimal-toggle  avia-builder-el-10  el_after_av_heading  avia-builder-el-last  toggle_close_all' >\n<section class='av_toggle_section av-kosnc5ox-c48a52ab4778f0aeb75a11275db13d57'  itemscope=\"itemscope\" itemtype=\"https:\/\/schema.org\/CreativeWork\" ><div role=\"tablist\" class=\"single_toggle\" data-tags=\"{Toate} \"  ><p id='toggle-toggle-id-2' data-fake-id='#toggle-id-2' class='toggler  av-title-above '  itemprop=\"headline\"  role='tab' tabindex='0' aria-controls='toggle-id-2' data-slide-speed=\"200\" data-title=\"Malteser - medicin\u0103 pentru emigran\u021bi \u00een Frankfurt (Malteser Migranten Medizin)\" data-title-open=\"\" data-aria_collapsed=\"Click to expand: Malteser - medicin\u0103 pentru emigran\u021bi \u00een Frankfurt (Malteser Migranten Medizin)\" data-aria_expanded=\"Click to collapse: Malteser - medicin\u0103 pentru emigran\u021bi \u00een Frankfurt (Malteser Migranten Medizin)\">Malteser - medicin\u0103 pentru emigran\u021bi \u00een Frankfurt (Malteser Migranten Medizin)<span class=\"toggle_icon\"><span class=\"vert_icon\"><\/span><span class=\"hor_icon\"><\/span><\/span><\/p><div id='toggle-id-2' aria-labelledby='toggle-toggle-id-2' role='region' class='toggle_wrap  av-title-above'  ><div class='toggle_content invers-color '  itemprop=\"text\" ><p><strong>La organiza\u021bia Malteser Migranten Medizin (MMM) persoanele f\u0103r\u0103 reziden\u021b\u0103 legal\u0103 sau f\u0103r\u0103 asigurare de s\u0103n\u0103tate au acces la un doctor pentru \u00eengrijire de urgen\u021b\u0103 \u00een cazul unei boli subite, v\u0103t\u0103mare corporal\u0103 sau sarcin\u0103.<\/strong><\/p>\n<p>Deoarece mul\u021bi pacien\u021bi nu vor s\u0103 mearg\u0103 la spital sau la un cabinet specializat, Malteser ofer\u0103 ajutor sub protec\u021bia anonimatului.<\/p>\n<p>Spitalul Agaplesion Markus (Krankenhaus)<br \/>\nWilhelm-Epstein-Stra\u00dfe 2<br \/>\n60431 Frankfurt\/Main<\/p>\n<p>Medicentrum \/ \u00c4rztehaus, intrarea de l\u00e2ng\u0103 farmacie (etajul 2)<br \/>\nTelefon: (069) 94 21 05 0<br \/>\nFax: (069) 94 21 05 22<br \/>\nEmail:\u00a0<a href=\"mailto:info@malteser-frankfurt.de\">info@malteser-frankfurt.de<\/a><br \/>\nProgram de lucru: \u00een fiecare luni de la 15:00 la 19:00<\/p>\n<\/div><\/div><\/div><\/section>\n<section class='av_toggle_section av-kosnqty5-a2e1d287fd94a7db759d55e044953fee'  itemscope=\"itemscope\" itemtype=\"https:\/\/schema.org\/CreativeWork\" ><div role=\"tablist\" class=\"single_toggle\" data-tags=\"{Toate} \"  ><p id='toggle-toggle-id-3' data-fake-id='#toggle-id-3' class='toggler  av-title-above '  itemprop=\"headline\"  role='tab' tabindex='0' aria-controls='toggle-id-3' data-slide-speed=\"200\" data-title=\"Programul umanitar al departamentului de s\u0103n\u0103tate (Humanit\u00e4re Sprechstunde)\" data-title-open=\"\" data-aria_collapsed=\"Click to expand: Programul umanitar al departamentului de s\u0103n\u0103tate (Humanit\u00e4re Sprechstunde)\" data-aria_expanded=\"Click to collapse: Programul umanitar al departamentului de s\u0103n\u0103tate (Humanit\u00e4re Sprechstunde)\">Programul umanitar al departamentului de s\u0103n\u0103tate (Humanit\u00e4re Sprechstunde)<span class=\"toggle_icon\"><span class=\"vert_icon\"><\/span><span class=\"hor_icon\"><\/span><\/span><\/p><div id='toggle-id-3' aria-labelledby='toggle-toggle-id-3' role='region' class='toggle_wrap  av-title-above'  ><div class='toggle_content invers-color '  itemprop=\"text\" ><p><img loading=\"lazy\" decoding=\"async\" class=\"wp-image-3530 alignright\" src=\"https:\/\/pia-hessen.de\/wp-content\/uploads\/2021\/05\/gesundheitsamtffm.jpg\" alt=\"Gesundheitsamt_FFM_Logo\" width=\"217\" height=\"79\" \/><\/p>\n<p>Tratament \u0219i consiliere gratuite pentru oameni de toate na\u021bionalit\u0103\u021bile, care tr\u0103iesc \u00een Frankfurt \u0219i nu au asigurare de s\u0103n\u0103tate. Medicii \u0219i cadrele medicale v\u0103 ajut\u0103, dac\u0103 dori\u021bi, anonim. Vorbim englez\u0103, francez\u0103 \u0219i swahili.<\/p>\n<p><strong>Ne g\u0103si\u021bi pe<\/strong><br \/>\nZeil 5<br \/>\n60313 Frankfurt<br \/>\nEtajul 2<br \/>\nTelefon:\u00a0069 212 33 970<br \/>\nEmail:\u00a0<a href=\"mailto:Humanitaere.Sprechstunden@stadt-frankfurt.de\">Humanitaere.Sprechstunden@stadt-frankfurt.de<\/a><\/p>\n<p>Mai multe informa\u021bii g\u0103si\u021bi pe:\u00a0<a href=\"http:\/\/www.gesundheitsamt.stadt-frankfurt.de\/\" target=\"_blank\" rel=\"noopener\">www.gesundheitsamt.stadt-frankfurt.de<\/a><\/p>\n<\/div><\/div><\/div><\/section>\n<section class='av_toggle_section av-kosniyb1-c71d9a456225a49c9f34ff7250def288'  itemscope=\"itemscope\" itemtype=\"https:\/\/schema.org\/CreativeWork\" ><div role=\"tablist\" class=\"single_toggle\" data-tags=\"{Toate} \"  ><p id='toggle-toggle-id-4' data-fake-id='#toggle-id-4' class='toggler  av-title-above '  itemprop=\"headline\"  role='tab' tabindex='0' aria-controls='toggle-id-4' data-slide-speed=\"200\" data-title=\"Elisabeth \u2013 ambulan\u021ba stradal\u0103 (Elisabeth \u2013 Stra\u00dfenambulanz)\" data-title-open=\"\" data-aria_collapsed=\"Click to expand: Elisabeth \u2013 ambulan\u021ba stradal\u0103 (Elisabeth \u2013 Stra\u00dfenambulanz)\" data-aria_expanded=\"Click to collapse: Elisabeth \u2013 ambulan\u021ba stradal\u0103 (Elisabeth \u2013 Stra\u00dfenambulanz)\">Elisabeth \u2013 ambulan\u021ba stradal\u0103 (Elisabeth \u2013 Stra\u00dfenambulanz)<span class=\"toggle_icon\"><span class=\"vert_icon\"><\/span><span class=\"hor_icon\"><\/span><\/span><\/p><div id='toggle-id-4' aria-labelledby='toggle-toggle-id-4' role='region' class='toggle_wrap  av-title-above'  ><div class='toggle_content invers-color '  itemprop=\"text\" ><p><strong>Elisabeth-Stra\u00dfenambulanz<\/strong><br \/>\nDr. Maria Goetzens<br \/>\nKlingerstra\u00dfe 8<br \/>\n60313 Frankfurt<br \/>\nTelefon: 069 29 82 29 90<br \/>\n<a href=\"mailto:elisabeth-strassenambulanz@caritas-frankfurt.de\">elisabeth-strassenambulanz@caritas-frankfurt.de<\/a><\/p>\n<p><strong>Program de lucru \/ tratament:<\/strong><br \/>\n<strong>Medicin\u0103 general\u0103 \u0219i cazuri de \u00eentre\u021binere cronic\u0103:<\/strong><br \/>\nluni, mar\u021bi, miercuri, joi, vineri: de la 9 la 13<br \/>\n<strong>Consulta\u021bii pentru femei:<\/strong><br \/>\nluni: de la 14:30 la 16<br \/>\n<strong>Consulta\u021bii de psihiatrie:<\/strong><br \/>\nluni \u0219i miercuri, cu programare prealabil\u0103<br \/>\n<strong>Consulta\u021bii de stomatologie:<\/strong><br \/>\nmar\u021bi \u0219i joi, cu programare prealabil\u0103<\/p>\n<\/div><\/div><\/div><\/section>\n<section class='av_toggle_section av-kosnmu6n-f24fd3fd40a4990ae746f03e1c9218f7'  itemscope=\"itemscope\" itemtype=\"https:\/\/schema.org\/CreativeWork\" ><div role=\"tablist\" class=\"single_toggle\" data-tags=\"{Toate} \"  ><p id='toggle-toggle-id-5' data-fake-id='#toggle-id-5' class='toggler  av-title-above '  itemprop=\"headline\"  role='tab' tabindex='0' aria-controls='toggle-id-5' data-slide-speed=\"200\" data-title=\"Policlinica studen\u021beasc\u0103 (Studentische Poliklinik)\" data-title-open=\"\" data-aria_collapsed=\"Click to expand: Policlinica studen\u021beasc\u0103 (Studentische Poliklinik)\" data-aria_expanded=\"Click to collapse: Policlinica studen\u021beasc\u0103 (Studentische Poliklinik)\">Policlinica studen\u021beasc\u0103 (Studentische Poliklinik)<span class=\"toggle_icon\"><span class=\"vert_icon\"><\/span><span class=\"hor_icon\"><\/span><\/span><\/p><div id='toggle-id-5' aria-labelledby='toggle-toggle-id-5' role='region' class='toggle_wrap  av-title-above'  ><div class='toggle_content invers-color '  itemprop=\"text\" ><div><img loading=\"lazy\" decoding=\"async\" class=\"size-full wp-image-6570 alignright\" src=\"https:\/\/pia-hessen.de\/wp-content\/uploads\/2023\/03\/studipoli.jpg\" alt=\"\" width=\"200\" height=\"63\" \/><\/div>\n<div>\n<p>Policlinica studen\u0163easc\u0103 (pe scurt StuPoli) ofer\u0103 s\u0103pt\u0103m\u00e2nal un program de servicii medicale gratuite. StuPoli este organizat\u0103 de studen\u021bi avansa\u021bi de la Universitatea de Medicin\u0103 Goethe din Frankfurt, \u00eempreun\u0103 cu o doctori\u021b\u0103 lector universitar de la departamentul de s\u0103n\u0103tate din Frankfurt.<\/p>\n<p>La StuPoli, pacien\u021bii f\u0103r\u0103 asigurare de s\u0103n\u0103tate beneficiaz\u0103 gratuit \u0219i anonim de tratament medical \u0219i consiliere social\u0103. Gama de tratamente include toate bolile generale, precum \u0219i organizarea contra cost de na\u0219teri ambulatorii pentru gravide. \u00cen plus, StuPoli are acces la o re\u021bea de medici speciali\u0219ti, la care pot fi trimi\u0219i pacien\u021bii neasigura\u021bi.<\/p>\n<p><strong>Program de lucru:<\/strong><br \/>\n\u00een fiecare mar\u021bi de la 17:00 la 19:00 \u0219i miercuri de la 18:00 la 20:00, la sediul departamentului de s\u0103n\u0103tate (Gesundheitsamt) \u00een<\/p>\n<p>Zeil 5<br \/>\n60313 Frankfurt<br \/>\nEtajul 2<\/p>\n<p>Nu este necesar\u0103 programarea prin telefon!<\/p>\n<p><strong>Mai multe informa\u021bii pe<\/strong><br \/>\n<a href=\"http:\/\/www.stupoli.de\/\" target=\"_blank\" rel=\"noopener\">www.stupoli.de<\/a><\/p>\n<\/div>\n<\/div><\/div><\/div><\/section>\n<\/div>\n<\/div><\/div><\/div><!-- close content main div --><\/div><\/div><div id='sozialberatung'  class='avia-section av-g9vgh6-446dd422bfed85b02398c4ba8f3309b5 main_color avia-section-default avia-no-shadow  avia-builder-el-11  el_after_av_section  el_before_av_section  avia-bg-style-parallax container_wrap sidebar_right'  ><div class='container av-section-cont-open' ><div class='template-page content  av-content-small alpha units'><div class='post-entry post-entry-type-page post-entry-5748'><div class='entry-content-wrapper clearfix'>\n\n<style type=\"text\/css\" data-created_by=\"avia_inline_auto\" id=\"style-css-av-koso8rnf-a548c254d41447d599d4f6e9a7fbd495\">\n#top .av-special-heading.av-koso8rnf-a548c254d41447d599d4f6e9a7fbd495{\nmargin:0 0 0px 0;\npadding-bottom:0;\n}\nbody .av-special-heading.av-koso8rnf-a548c254d41447d599d4f6e9a7fbd495 .av-special-heading-tag .heading-char{\nfont-size:25px;\n}\n.av-special-heading.av-koso8rnf-a548c254d41447d599d4f6e9a7fbd495 .av-subheading{\nfont-size:15px;\n}\n<\/style>\n<div  id=\"Fulda\"  class='av-special-heading av-koso8rnf-a548c254d41447d599d4f6e9a7fbd495 av-special-heading-h2 blockquote modern-quote  avia-builder-el-12  el_before_av_toggle_container  avia-builder-el-first '><h2 class='av-special-heading-tag '  itemprop=\"headline\"  >Fulda<\/h2><div class=\"special-heading-border\"><div class=\"special-heading-inner-border\"><\/div><\/div><\/div>\n\n<style type=\"text\/css\" data-created_by=\"avia_inline_auto\" id=\"style-css-av-koso8ghk-caa24e97256b24eaaa5ee96b0c93a513\">\n#top .togglecontainer.av-koso8ghk-caa24e97256b24eaaa5ee96b0c93a513 p.toggler .toggle_icon{\ncolor:#000000;\nborder-color:#000000;\n}\n#top .togglecontainer.av-koso8ghk-caa24e97256b24eaaa5ee96b0c93a513 p.toggler .toggle_icon > span{\ncolor:#000000;\nborder-color:#000000;\n}\n<\/style>\n<div  class='togglecontainer av-koso8ghk-caa24e97256b24eaaa5ee96b0c93a513 av-minimal-toggle  avia-builder-el-13  el_after_av_heading  avia-builder-el-last  toggle_close_all' >\n<section class='av_toggle_section av-koso87yd-908a0d3dabfb4aca00ffd7fc806ceb82'  itemscope=\"itemscope\" itemtype=\"https:\/\/schema.org\/CreativeWork\" ><div role=\"tablist\" class=\"single_toggle\" data-tags=\"{Toate} \"  ><p id='toggle-toggle-id-6' data-fake-id='#toggle-id-6' class='toggler  av-title-above '  itemprop=\"headline\"  role='tab' tabindex='0' aria-controls='toggle-id-6' data-slide-speed=\"200\" data-title=\"Malteser - medicin\u0103 pentru emigran\u021bi (Malteser Migranten Medizin)\" data-title-open=\"\" data-aria_collapsed=\"Click to expand: Malteser - medicin\u0103 pentru emigran\u021bi (Malteser Migranten Medizin)\" data-aria_expanded=\"Click to collapse: Malteser - medicin\u0103 pentru emigran\u021bi (Malteser Migranten Medizin)\">Malteser - medicin\u0103 pentru emigran\u021bi (Malteser Migranten Medizin)<span class=\"toggle_icon\"><span class=\"vert_icon\"><\/span><span class=\"hor_icon\"><\/span><\/span><\/p><div id='toggle-id-6' aria-labelledby='toggle-toggle-id-6' role='region' class='toggle_wrap  av-title-above'  ><div class='toggle_content invers-color '  itemprop=\"text\" ><p><strong>La organiza\u021bia Malteser Migranten Medizin (MMM) persoanele f\u0103r\u0103 reziden\u021b\u0103 legal\u0103 sau f\u0103r\u0103 asigurare de s\u0103n\u0103tate au acces la un doctor pentru \u00eengrijire de urgen\u021b\u0103 \u00een cazul unei boli subite, v\u0103t\u0103mare corporal\u0103 sau sarcin\u0103.<\/strong><\/p>\n<p>Deoarece mul\u021bi pacien\u021bi nu vor s\u0103 mearg\u0103 la spital sau la un cabinet specializat, Malteser ofer\u0103 ajutor sub protec\u021bia anonimatului.<\/p>\n<p><strong>Spitalul Herz Jesu (Krankenhaus)<\/strong><br \/>\nButtlarstrasse 74<br \/>\n36039 Fulda<br \/>\nEmail:\u00a0<a href=\"mailto:karin.uffelmann@malteser.org\">karin.uffelmann@malteser.org<\/a><br \/>\nTel: 0170-8628323<\/p>\n<p><strong>Program de lucru:<\/strong>\u00a0\u00een s\u0103pt\u0103m\u00e2nile impare \u00een fiecare mar\u021bi de la 14:00 la 18:00 sau cu programare prealabil\u0103<\/p>\n<\/div><\/div><\/div><\/section>\n<\/div>\n\n<\/div><\/div><\/div><!-- close content main div --><\/div><\/div><div id='sozialberatung'  class='avia-section av-ega4re-6bf73da0324963ffa4b954125238ebf3 main_color avia-section-default avia-no-shadow  avia-builder-el-14  el_after_av_section  el_before_av_section  avia-bg-style-parallax container_wrap sidebar_right'  ><div class='container av-section-cont-open' ><div class='template-page content  av-content-small alpha units'><div class='post-entry post-entry-type-page post-entry-5748'><div class='entry-content-wrapper clearfix'>\n\n<style type=\"text\/css\" data-created_by=\"avia_inline_auto\" id=\"style-css-av-kosoj603-1da4a27b72be309d22f8ef62e4cd63c3\">\n#top .av-special-heading.av-kosoj603-1da4a27b72be309d22f8ef62e4cd63c3{\nmargin:0 0 0px 0;\npadding-bottom:0;\n}\nbody .av-special-heading.av-kosoj603-1da4a27b72be309d22f8ef62e4cd63c3 .av-special-heading-tag .heading-char{\nfont-size:25px;\n}\n.av-special-heading.av-kosoj603-1da4a27b72be309d22f8ef62e4cd63c3 .av-subheading{\nfont-size:15px;\n}\n<\/style>\n<div  id=\"Giessen\"  class='av-special-heading av-kosoj603-1da4a27b72be309d22f8ef62e4cd63c3 av-special-heading-h2 blockquote modern-quote  avia-builder-el-15  el_before_av_toggle_container  avia-builder-el-first '><h2 class='av-special-heading-tag '  itemprop=\"headline\"  >Gie\u00dfen<\/h2><div class=\"special-heading-border\"><div class=\"special-heading-inner-border\"><\/div><\/div><\/div>\n\n<style type=\"text\/css\" data-created_by=\"avia_inline_auto\" id=\"style-css-av-ctifmy-502031b0bca8fa4b7b0da2e5b27b85d1\">\n#top .togglecontainer.av-ctifmy-502031b0bca8fa4b7b0da2e5b27b85d1 p.toggler .toggle_icon{\ncolor:#000000;\nborder-color:#000000;\n}\n#top .togglecontainer.av-ctifmy-502031b0bca8fa4b7b0da2e5b27b85d1 p.toggler .toggle_icon > span{\ncolor:#000000;\nborder-color:#000000;\n}\n<\/style>\n<div  class='togglecontainer av-ctifmy-502031b0bca8fa4b7b0da2e5b27b85d1 av-minimal-toggle  avia-builder-el-16  el_after_av_heading  avia-builder-el-last  toggle_close_all' >\n<section class='av_toggle_section av-aier0q-6611c7777958450d42b4285a71be9342'  itemscope=\"itemscope\" itemtype=\"https:\/\/schema.org\/CreativeWork\" ><div role=\"tablist\" class=\"single_toggle\" data-tags=\"{Toate} \"  ><p id='toggle-toggle-id-7' data-fake-id='#toggle-id-7' class='toggler  av-title-above '  itemprop=\"headline\"  role='tab' tabindex='0' aria-controls='toggle-id-7' data-slide-speed=\"200\" data-title=\"Medinetz\" data-title-open=\"\" data-aria_collapsed=\"Click to expand: Medinetz\" data-aria_expanded=\"Click to collapse: Medinetz\">Medinetz<span class=\"toggle_icon\"><span class=\"vert_icon\"><\/span><span class=\"hor_icon\"><\/span><\/span><\/p><div id='toggle-id-7' aria-labelledby='toggle-toggle-id-7' role='region' class='toggle_wrap  av-title-above'  ><div class='toggle_content invers-color '  itemprop=\"text\" ><p><strong>Medinetz este un punct de contact \u0219i de consiliere telefonic\u0103 pentru persoane f\u0103r\u0103 reziden\u021b\u0103 legal\u0103 \u0219i persoane care nu au acces sau beneficiaz\u0103 doar limitat de tratamente medicale. Medinetz nu ofer\u0103 \u00eens\u0103 asisten\u021b\u0103 medical\u0103 \u00een mod direct.<\/strong> Noi mediem accesul pacien\u021bilor \u00een func\u021bie de problemele specifice la diver\u0219i medici speciali\u0219ti, care ofer\u0103 tratamente sub protec\u021bia anonimatului \u0219i, c\u00e2nd este posibil, gratuit. Alte costuri, precum pentru medicamente, pot fi preluate \u00een cazuri speciale.<\/p>\n<p>Email:\u00a0<a href=\"mailto:medinetz@medinetz-giessen.de\">medinetz@medinetz-giessen.de<\/a><br \/>\nTelefon:\u00a00177 6260971<\/p>\n<p><strong>Program de lucru:<\/strong> V\u0103 rug\u0103m suna\u021bi s\u0103 v\u0103 face\u021bi o programare. Dac\u0103 nu r\u0103spundem personal la telefon, l\u0103sa\u021bi-ne un mesaj. Verific\u0103m mesageria vocal\u0103 cu regularitate.<br \/>\nNe pute\u021bi contacta sau trimite \u00eentreb\u0103rile dumneavoastr\u0103 \u0219i pe email. V\u0103 r\u0103spundem c\u00e2t se poate de repede.<\/p>\n<p><strong>Adres\u0103:<\/strong><br \/>\nAlte Frauenklinik, Klinikstra\u00dfe 32<br \/>\n35392 Gie\u00dfen<br \/>\nMai multe informa\u021bii:\u00a0<a href=\"http:\/\/www.gesundheit-ein-menschenrecht.de\/kontaktstellen\/hessen\/medinetz-gie%C3%9Fen\" target=\"_blank\" rel=\"noopener\">www.gesundheit-ein-menschenrecht.de\/kontaktstellen\/hessen\/medinetz-gie\u00dfen<\/a><\/p>\n<\/div><\/div><\/div><\/section>\n<\/div>\n\n<\/div><\/div><\/div><!-- close content main div --><\/div><\/div><div id='sozialberatung'  class='avia-section av-9lnwqy-7f79319ebb9a215b339b446c106ec4c4 main_color avia-section-default avia-no-shadow  avia-builder-el-17  el_after_av_section  el_before_av_section  avia-bg-style-parallax container_wrap sidebar_right'  ><div class='container av-section-cont-open' ><div class='template-page content  av-content-small alpha units'><div class='post-entry post-entry-type-page post-entry-5748'><div class='entry-content-wrapper clearfix'>\n\n<style type=\"text\/css\" data-created_by=\"avia_inline_auto\" id=\"style-css-av-80pday-65b79286cc53ad8952736859386ade97\">\n#top .av-special-heading.av-80pday-65b79286cc53ad8952736859386ade97{\nmargin:0 0 0px 0;\npadding-bottom:0;\n}\nbody .av-special-heading.av-80pday-65b79286cc53ad8952736859386ade97 .av-special-heading-tag .heading-char{\nfont-size:25px;\n}\n.av-special-heading.av-80pday-65b79286cc53ad8952736859386ade97 .av-subheading{\nfont-size:15px;\n}\n<\/style>\n<div  id=\"Kassel\"  class='av-special-heading av-80pday-65b79286cc53ad8952736859386ade97 av-special-heading-h2 blockquote modern-quote  avia-builder-el-18  el_before_av_toggle_container  avia-builder-el-first '><h2 class='av-special-heading-tag '  itemprop=\"headline\"  >Kassel<\/h2><div class=\"special-heading-border\"><div class=\"special-heading-inner-border\"><\/div><\/div><\/div>\n\n<style type=\"text\/css\" data-created_by=\"avia_inline_auto\" id=\"style-css-av-kosnzrh9-dd488a35f9716f7af659610691459a6e\">\n#top .togglecontainer.av-kosnzrh9-dd488a35f9716f7af659610691459a6e p.toggler .toggle_icon{\ncolor:#000000;\nborder-color:#000000;\n}\n#top .togglecontainer.av-kosnzrh9-dd488a35f9716f7af659610691459a6e p.toggler .toggle_icon > span{\ncolor:#000000;\nborder-color:#000000;\n}\n<\/style>\n<div  class='togglecontainer av-kosnzrh9-dd488a35f9716f7af659610691459a6e av-minimal-toggle  avia-builder-el-19  el_after_av_heading  avia-builder-el-last  toggle_close_all' >\n<section class='av_toggle_section av-kosnzhla-4239d56c1fd549f1652df4ac79faf180'  itemscope=\"itemscope\" itemtype=\"https:\/\/schema.org\/CreativeWork\" ><div role=\"tablist\" class=\"single_toggle\" data-tags=\"{Toate} \"  ><p id='toggle-toggle-id-8' data-fake-id='#toggle-id-8' class='toggler  av-title-above '  itemprop=\"headline\"  role='tab' tabindex='0' aria-controls='toggle-id-8' data-slide-speed=\"200\" data-title=\"Consulta\u021bii umanitare ale medicilor c\u0103l\u0103tori\" data-title-open=\"\" data-aria_collapsed=\"Click to expand: Consulta\u021bii umanitare ale medicilor c\u0103l\u0103tori\" data-aria_expanded=\"Click to collapse: Consulta\u021bii umanitare ale medicilor c\u0103l\u0103tori\">Consulta\u021bii umanitare ale medicilor c\u0103l\u0103tori<span class=\"toggle_icon\"><span class=\"vert_icon\"><\/span><span class=\"hor_icon\"><\/span><\/span><\/p><div id='toggle-id-8' aria-labelledby='toggle-toggle-id-8' role='region' class='toggle_wrap  av-title-above'  ><div class='toggle_content invers-color '  itemprop=\"text\" ><div><img loading=\"lazy\" decoding=\"async\" class=\"size-medium wp-image-4982 alignright\" src=\"https:\/\/pia-hessen.de\/wp-content\/uploads\/2021\/05\/fahraerzteks-300x128.jpg\" alt=\"\" width=\"300\" height=\"128\" srcset=\"https:\/\/pia-hessen.de\/wp-content\/uploads\/2021\/05\/fahraerzteks-300x128.jpg 300w, https:\/\/pia-hessen.de\/wp-content\/uploads\/2021\/05\/fahraerzteks.jpg 450w\" sizes=\"auto, (max-width: 300px) 100vw, 300px\" \/><\/div>\n<div>\n<p><strong>Asocia\u021bia \u201eMedicii c\u0103l\u0103tori\u201c (Fahrende \u00c4rzte e.V.) ofer\u0103 consulta\u021bii umanitare \u00een Kassel.<\/strong><\/p>\n<p><strong>Consulta\u021biile umanitare:<\/strong><\/p>\n<ul>\n<li>se adreseaz\u0103 persoanelor f\u0103r\u0103 asigurare de s\u0103n\u0103tate<\/li>\n<li>garanteaz\u0103 confiden\u021bialitatea<\/li>\n<li>ofer\u0103 asisten\u021b\u0103 medical\u0103 de baz\u0103<\/li>\n<li>p\u0103streaz\u0103 la dorin\u021ba dvs. anonimitatea.<\/li>\n<\/ul>\n<p><strong>Program de lucru:<\/strong><\/p>\n<p>mar\u021bi de la 18:30<br \/>\ncurtea interioar\u0103 de la Diakonissenhaus<\/p>\n<p><strong>Contact:<\/strong><br \/>\nne g\u0103si\u021bi pe email la<br \/>\n<a href=\"mailto:hs-fahrende-aerzte@web.de\">hs-fahrende-aerzte@web.de<\/a><\/p>\n<p><strong>Cum pute\u021bi ajunge la noi:<\/strong><br \/>\nPute\u021bi ajunge la cabinetul de consulta\u021bii cu mijloacele de transport \u00een comun, liniile 1, 3, 4 \u0219i 8.<br \/>\nCu liniile 1 \u0219i 3 merge\u021bi p\u00e2n\u0103 la sta\u021bia Kirchweg. Cu liniile 4 sau 8 cobor\u00e2\u021bi la sta\u021bia Bebelplatz. P\u00e2n\u0103 la Diakonissenhaus mai sunt doar 5 minute de mers pe jos.<\/p>\n<\/div>\n<\/div><\/div><\/div><\/section>\n<\/div>\n\n<\/div><\/div><\/div><!-- close content main div --><\/div><\/div><div id='sozialberatung'  class='avia-section av-5iyx0a-ca5d0720b7c820de5ffe951cec234c31 main_color avia-section-default avia-no-shadow  avia-builder-el-20  el_after_av_section  el_before_av_section  avia-bg-style-parallax container_wrap sidebar_right'  ><div class='container av-section-cont-open' ><div class='template-page content  av-content-small alpha units'><div class='post-entry post-entry-type-page post-entry-5748'><div class='entry-content-wrapper clearfix'>\n\n<style type=\"text\/css\" data-created_by=\"avia_inline_auto\" id=\"style-css-av-3sjty2-09ca559974788ed12ffd7ca543b20ae1\">\n#top .av-special-heading.av-3sjty2-09ca559974788ed12ffd7ca543b20ae1{\nmargin:0 0 0px 0;\npadding-bottom:0;\n}\nbody .av-special-heading.av-3sjty2-09ca559974788ed12ffd7ca543b20ae1 .av-special-heading-tag .heading-char{\nfont-size:25px;\n}\n.av-special-heading.av-3sjty2-09ca559974788ed12ffd7ca543b20ae1 .av-subheading{\nfont-size:15px;\n}\n<\/style>\n<div  id=\"Marburg\"  class='av-special-heading av-3sjty2-09ca559974788ed12ffd7ca543b20ae1 av-special-heading-h2 blockquote modern-quote  avia-builder-el-21  el_before_av_toggle_container  avia-builder-el-first '><h2 class='av-special-heading-tag '  itemprop=\"headline\"  >Marburg<\/h2><div class=\"special-heading-border\"><div class=\"special-heading-inner-border\"><\/div><\/div><\/div>\n\n<style type=\"text\/css\" data-created_by=\"avia_inline_auto\" id=\"style-css-av-kosodlnm-242a7473ee5f2b045bc46d9b17ffb704\">\n#top .togglecontainer.av-kosodlnm-242a7473ee5f2b045bc46d9b17ffb704 p.toggler .toggle_icon{\ncolor:#000000;\nborder-color:#000000;\n}\n#top .togglecontainer.av-kosodlnm-242a7473ee5f2b045bc46d9b17ffb704 p.toggler .toggle_icon > span{\ncolor:#000000;\nborder-color:#000000;\n}\n<\/style>\n<div  class='togglecontainer av-kosodlnm-242a7473ee5f2b045bc46d9b17ffb704 av-minimal-toggle  avia-builder-el-22  el_after_av_heading  avia-builder-el-last  toggle_close_all' >\n<section class='av_toggle_section av-kosodjys-00dfdc17530964dcc1c5995a5e960351'  itemscope=\"itemscope\" itemtype=\"https:\/\/schema.org\/CreativeWork\" ><div role=\"tablist\" class=\"single_toggle\" data-tags=\"{Toate} \"  ><p id='toggle-toggle-id-9' data-fake-id='#toggle-id-9' class='toggler  av-title-above '  itemprop=\"headline\"  role='tab' tabindex='0' aria-controls='toggle-id-9' data-slide-speed=\"200\" data-title=\"Medinetz\" data-title-open=\"\" data-aria_collapsed=\"Click to expand: Medinetz\" data-aria_expanded=\"Click to collapse: Medinetz\">Medinetz<span class=\"toggle_icon\"><span class=\"vert_icon\"><\/span><span class=\"hor_icon\"><\/span><\/span><\/p><div id='toggle-id-9' aria-labelledby='toggle-toggle-id-9' role='region' class='toggle_wrap  av-title-above'  ><div class='toggle_content invers-color '  itemprop=\"text\" ><p><strong>Medinetz este un punct de contact \u0219i de consiliere telefonic\u0103 pentru persoane f\u0103r\u0103 reziden\u021b\u0103 legal\u0103 \u0219i persoane care nu au acces sau beneficiaz\u0103 doar limitat de tratamente medicale.<\/strong><br \/>\nMedinetz nu ofer\u0103 \u00eens\u0103 asisten\u021b\u0103 medical\u0103 direct, ci mediaz\u0103 pacien\u021bii la medici, psihologi, moa\u0219e etc., care ofer\u0103 tratament anonim \u0219i, c\u00e2nd este posibil, gratuit.<\/p>\n<p>Medinetz face program\u0103rile la medic \u0219i \u00eenso\u021be\u0219te pacien\u021bii la prima vizit\u0103. Dac\u0103 este nevoie, avem translatori care ne stau la dispozi\u021bie.<\/p>\n<p>Costurile suplimentare, de ex. pentru analize de laborator sau medicamente, sunt preluate de c\u0103tre asocia\u021bie.<\/p>\n<p>\u00cen cazul persoanelor grav bolnave sau care sufer\u0103 de boli cronice care necesit\u0103 spitalizare, \u00eencerc\u0103m s\u0103 g\u0103sim o solu\u021bie \u00eempreun\u0103 cu doctorul curator.<\/p>\n<p><strong>Medinetz Marburg<\/strong><br \/>\nEmil-Mannkopffstr. 6<br \/>\n35037 Marburg<\/p>\n<p>Email:\u00a0<a href=\"mailto:marburg@ippnw.de\">marburg@ippnw.de<\/a><br \/>\nTelefon: 06421 \/ 4070273<br \/>\nMobile: 0160 \/ 93808457<\/p>\n<\/div><\/div><\/div><\/section>\n<\/div>\n\n<\/div><\/div><\/div><!-- close content main div --><\/div><\/div><div id='sozialberatung'  class='avia-section av-20c8cq-dd0a9023e753634efcdd3e0462cd509f main_color avia-section-default avia-no-shadow  avia-builder-el-23  el_after_av_section  avia-builder-el-last  avia-bg-style-parallax container_wrap sidebar_right'  ><div class='container av-section-cont-open' ><div class='template-page content  av-content-small alpha units'><div class='post-entry post-entry-type-page post-entry-5748'><div class='entry-content-wrapper clearfix'>\n\n<style type=\"text\/css\" data-created_by=\"avia_inline_auto\" id=\"style-css-av-kosoe3ub-1cbc892ab9328e51e4345e2a6930804c\">\n#top .av-special-heading.av-kosoe3ub-1cbc892ab9328e51e4345e2a6930804c{\nmargin:0 0 0px 0;\npadding-bottom:0;\n}\nbody .av-special-heading.av-kosoe3ub-1cbc892ab9328e51e4345e2a6930804c .av-special-heading-tag .heading-char{\nfont-size:25px;\n}\n.av-special-heading.av-kosoe3ub-1cbc892ab9328e51e4345e2a6930804c .av-subheading{\nfont-size:15px;\n}\n<\/style>\n<div  id=\"Wiesbaden\"  class='av-special-heading av-kosoe3ub-1cbc892ab9328e51e4345e2a6930804c av-special-heading-h2 blockquote modern-quote  avia-builder-el-24  el_before_av_toggle_container  avia-builder-el-first '><h2 class='av-special-heading-tag '  itemprop=\"headline\"  >Wiesbaden<\/h2><div class=\"special-heading-border\"><div class=\"special-heading-inner-border\"><\/div><\/div><\/div>\n\n<style type=\"text\/css\" data-created_by=\"avia_inline_auto\" id=\"style-css-av-kosohwpq-0e4ebcd170a5772a980911de530d8018\">\n#top .togglecontainer.av-kosohwpq-0e4ebcd170a5772a980911de530d8018 p.toggler .toggle_icon{\ncolor:#000000;\nborder-color:#000000;\n}\n#top .togglecontainer.av-kosohwpq-0e4ebcd170a5772a980911de530d8018 p.toggler .toggle_icon > span{\ncolor:#000000;\nborder-color:#000000;\n}\n<\/style>\n<div  class='togglecontainer av-kosohwpq-0e4ebcd170a5772a980911de530d8018 av-minimal-toggle  avia-builder-el-25  el_after_av_heading  el_before_av_hr  toggle_close_all' >\n<section class='av_toggle_section av-kosohvb7-90982715b4c244efc0dd33b0a7a34ac7'  itemscope=\"itemscope\" itemtype=\"https:\/\/schema.org\/CreativeWork\" ><div role=\"tablist\" class=\"single_toggle\" data-tags=\"{Toate} \"  ><p id='toggle-toggle-id-10' data-fake-id='#toggle-id-10' class='toggler  av-title-above '  itemprop=\"headline\"  role='tab' tabindex='0' aria-controls='toggle-id-10' data-slide-speed=\"200\" data-title=\"Teestube Diakonisches Werk\" data-title-open=\"\" data-aria_collapsed=\"Click to expand: Teestube Diakonisches Werk\" data-aria_expanded=\"Click to collapse: Teestube Diakonisches Werk\">Teestube Diakonisches Werk<span class=\"toggle_icon\"><span class=\"vert_icon\"><\/span><span class=\"hor_icon\"><\/span><\/span><\/p><div id='toggle-id-10' aria-labelledby='toggle-toggle-id-10' role='region' class='toggle_wrap  av-title-above'  ><div class='toggle_content invers-color '  itemprop=\"text\" ><div><strong><img loading=\"lazy\" decoding=\"async\" class=\"size-full wp-image-4977 alignright\" src=\"https:\/\/pia-hessen.de\/wp-content\/uploads\/2021\/05\/teestube_dwwiesbaden.jpg\" alt=\"\" width=\"209\" height=\"105\" \/><\/strong><\/div>\n<div>\n<p><strong>Oferim asisen\u021b\u0103 medical\u0103 nebirocratic\u0103 pentru oameni f\u0103r\u0103 asigurare de s\u0103n\u0103tate \u0219i care nu au alte posibilit\u0103\u021bi de a beneficia de ajutor.<\/strong><\/p>\n<p><strong>Medicin\u0103 general\u0103 \u0219i stomatologie pentru adul\u021bi:<\/strong><br \/>\n\u00cen fiecare miercuri de la ora 14:00 la ora 16:00<\/p>\n<p><strong>Adres\u0103:<\/strong><br \/>\nDotzheimer Stra\u00dfe 9 (Bushaltestelle Schwalbacher Stra\u00dfe)<br \/>\n65185 Wiesbaden<\/p>\n<p>Telefon:\u00a00611-445 6613 (de luni p\u00e2n\u0103 joi \u00eentre orele 15:30 \u2013 16:00 )<br \/>\nE-Mail:\u00a0<a href=\"mailto:teestube@dwwi.de\">teestube@dwwi.de<\/a><br \/>\nMai multe informa\u021bii pe:\u00a0<a href=\"mailto:teestube@diakonisches-werk-wiesbaden.de\">teestube@diakonisches-werk-wiesbaden.de<\/a><\/p>\n<\/div>\n<\/div><\/div><\/div><\/section>\n<\/div>\n\n<style type=\"text\/css\" data-created_by=\"avia_inline_auto\" id=\"style-css-av-lcv33umn-f940c220950960682a26943223f021a3\">\n#top .hr.hr-invisible.av-lcv33umn-f940c220950960682a26943223f021a3{\nheight:50px;\n}\n<\/style>\n<div  class='hr av-lcv33umn-f940c220950960682a26943223f021a3 hr-invisible  avia-builder-el-26  el_after_av_toggle_container  avia-builder-el-last '><span class='hr-inner '><span class=\"hr-inner-style\"><\/span><\/span><\/div>\n<\/div><\/div><\/div><!-- close content main div --><\/div><\/div><div id='after_section_8'  class='main_color av_default_container_wrap container_wrap sidebar_right'  ><div class='container av-section-cont-open' ><div class='template-page content  av-content-small alpha units'><div class='post-entry post-entry-type-page post-entry-5748'><div class='entry-content-wrapper clearfix'>\n","protected":false},"excerpt":{"rendered":"","protected":false},"author":5,"featured_media":0,"parent":5726,"menu_order":0,"comment_status":"closed","ping_status":"closed","template":"","meta":{"footnotes":""},"class_list":["post-5748","page","type-page","status-publish","hentry"],"yoast_head":"<!-- This site is optimized with the Yoast SEO plugin v27.3 - https:\/\/yoast.com\/product\/yoast-seo-wordpress\/ -->\n<title>S\u0103n\u0103tatea general\u0103 - PIA Hessen - Informationen und Beratung rund um Prostitution<\/title>\n<meta name=\"description\" content=\"In unserem Workshop regen wir Jugendliche zur Reflexion \u00fcber Geschlechterrollen und eine selbstbestimmte Lebensgestaltung an.\" \/>\n<meta name=\"robots\" content=\"index, follow, max-snippet:-1, max-image-preview:large, max-video-preview:-1\" \/>\n<link rel=\"canonical\" href=\"https:\/\/pia-hessen.de\/ro\/informatii-referitoare-la-sanatate\/sanatatea-generala\" \/>\n<meta name=\"twitter:label1\" content=\"Timp estimat pentru citire\" \/>\n\t<meta name=\"twitter:data1\" content=\"7 minute\" \/>\n<script type=\"application\/ld+json\" class=\"yoast-schema-graph\">{\"@context\":\"https:\\\/\\\/schema.org\",\"@graph\":[{\"@type\":\"WebPage\",\"@id\":\"https:\\\/\\\/pia-hessen.de\\\/ro\\\/informatii-referitoare-la-sanatate\\\/sanatatea-generala\",\"url\":\"https:\\\/\\\/pia-hessen.de\\\/ro\\\/informatii-referitoare-la-sanatate\\\/sanatatea-generala\",\"name\":\"S\u0103n\u0103tatea general\u0103 - PIA Hessen - Informationen und Beratung rund um Prostitution\",\"isPartOf\":{\"@id\":\"https:\\\/\\\/pia-hessen.de\\\/ro#website\"},\"primaryImageOfPage\":{\"@id\":\"https:\\\/\\\/pia-hessen.de\\\/ro\\\/informatii-referitoare-la-sanatate\\\/sanatatea-generala#primaryimage\"},\"image\":{\"@id\":\"https:\\\/\\\/pia-hessen.de\\\/ro\\\/informatii-referitoare-la-sanatate\\\/sanatatea-generala#primaryimage\"},\"thumbnailUrl\":\"https:\\\/\\\/pia-hessen.de\\\/wp-content\\\/uploads\\\/2021\\\/05\\\/gesundheitsamtffm.jpg\",\"datePublished\":\"2020-12-22T14:11:27+00:00\",\"dateModified\":\"2025-07-04T10:27:53+00:00\",\"description\":\"In unserem Workshop regen wir Jugendliche zur Reflexion \u00fcber Geschlechterrollen und eine selbstbestimmte Lebensgestaltung an.\",\"breadcrumb\":{\"@id\":\"https:\\\/\\\/pia-hessen.de\\\/ro\\\/informatii-referitoare-la-sanatate\\\/sanatatea-generala#breadcrumb\"},\"inLanguage\":\"ro-RO\",\"potentialAction\":[{\"@type\":\"ReadAction\",\"target\":[\"https:\\\/\\\/pia-hessen.de\\\/ro\\\/informatii-referitoare-la-sanatate\\\/sanatatea-generala\"]}]},{\"@type\":\"ImageObject\",\"inLanguage\":\"ro-RO\",\"@id\":\"https:\\\/\\\/pia-hessen.de\\\/ro\\\/informatii-referitoare-la-sanatate\\\/sanatatea-generala#primaryimage\",\"url\":\"https:\\\/\\\/pia-hessen.de\\\/wp-content\\\/uploads\\\/2021\\\/05\\\/gesundheitsamtffm.jpg\",\"contentUrl\":\"https:\\\/\\\/pia-hessen.de\\\/wp-content\\\/uploads\\\/2021\\\/05\\\/gesundheitsamtffm.jpg\"},{\"@type\":\"BreadcrumbList\",\"@id\":\"https:\\\/\\\/pia-hessen.de\\\/ro\\\/informatii-referitoare-la-sanatate\\\/sanatatea-generala#breadcrumb\",\"itemListElement\":[{\"@type\":\"ListItem\",\"position\":1,\"name\":\"Startseite\",\"item\":\"https:\\\/\\\/pia-hessen.de\\\/ro\"},{\"@type\":\"ListItem\",\"position\":2,\"name\":\"S\u0103n\u0103tate\",\"item\":\"https:\\\/\\\/pia-hessen.de\\\/ro\\\/informatii-referitoare-la-sanatate\"},{\"@type\":\"ListItem\",\"position\":3,\"name\":\"S\u0103n\u0103tatea general\u0103\"}]},{\"@type\":\"WebSite\",\"@id\":\"https:\\\/\\\/pia-hessen.de\\\/ro#website\",\"url\":\"https:\\\/\\\/pia-hessen.de\\\/ro\",\"name\":\"PIA Hessen - Informationen und Beratung rund um Prostitution\",\"description\":\"\",\"publisher\":{\"@id\":\"https:\\\/\\\/pia-hessen.de\\\/ro#organization\"},\"potentialAction\":[{\"@type\":\"SearchAction\",\"target\":{\"@type\":\"EntryPoint\",\"urlTemplate\":\"https:\\\/\\\/pia-hessen.de\\\/ro?s={search_term_string}\"},\"query-input\":{\"@type\":\"PropertyValueSpecification\",\"valueRequired\":true,\"valueName\":\"search_term_string\"}}],\"inLanguage\":\"ro-RO\"},{\"@type\":\"Organization\",\"@id\":\"https:\\\/\\\/pia-hessen.de\\\/ro#organization\",\"name\":\"PIA Hessen - Informationen und Beratung rund um Prostitution\",\"url\":\"https:\\\/\\\/pia-hessen.de\\\/ro\",\"logo\":{\"@type\":\"ImageObject\",\"inLanguage\":\"ro-RO\",\"@id\":\"https:\\\/\\\/pia-hessen.de\\\/ro#\\\/schema\\\/logo\\\/image\\\/\",\"url\":\"https:\\\/\\\/pia-hessen.de\\\/wp-content\\\/uploads\\\/2022\\\/12\\\/pia-logo.png\",\"contentUrl\":\"https:\\\/\\\/pia-hessen.de\\\/wp-content\\\/uploads\\\/2022\\\/12\\\/pia-logo.png\",\"width\":300,\"height\":156,\"caption\":\"PIA Hessen - Informationen und Beratung rund um Prostitution\"},\"image\":{\"@id\":\"https:\\\/\\\/pia-hessen.de\\\/ro#\\\/schema\\\/logo\\\/image\\\/\"}}]}<\/script>\n<!-- \/ Yoast SEO plugin. -->","yoast_head_json":{"title":"S\u0103n\u0103tatea general\u0103 - PIA Hessen - Informationen und Beratung rund um Prostitution","description":"In unserem Workshop regen wir Jugendliche zur Reflexion \u00fcber Geschlechterrollen und eine selbstbestimmte Lebensgestaltung an.","robots":{"index":"index","follow":"follow","max-snippet":"max-snippet:-1","max-image-preview":"max-image-preview:large","max-video-preview":"max-video-preview:-1"},"canonical":"https:\/\/pia-hessen.de\/ro\/informatii-referitoare-la-sanatate\/sanatatea-generala","twitter_misc":{"Timp estimat pentru citire":"7 minute"},"schema":{"@context":"https:\/\/schema.org","@graph":[{"@type":"WebPage","@id":"https:\/\/pia-hessen.de\/ro\/informatii-referitoare-la-sanatate\/sanatatea-generala","url":"https:\/\/pia-hessen.de\/ro\/informatii-referitoare-la-sanatate\/sanatatea-generala","name":"S\u0103n\u0103tatea general\u0103 - PIA Hessen - Informationen und Beratung rund um Prostitution","isPartOf":{"@id":"https:\/\/pia-hessen.de\/ro#website"},"primaryImageOfPage":{"@id":"https:\/\/pia-hessen.de\/ro\/informatii-referitoare-la-sanatate\/sanatatea-generala#primaryimage"},"image":{"@id":"https:\/\/pia-hessen.de\/ro\/informatii-referitoare-la-sanatate\/sanatatea-generala#primaryimage"},"thumbnailUrl":"https:\/\/pia-hessen.de\/wp-content\/uploads\/2021\/05\/gesundheitsamtffm.jpg","datePublished":"2020-12-22T14:11:27+00:00","dateModified":"2025-07-04T10:27:53+00:00","description":"In unserem Workshop regen wir Jugendliche zur Reflexion \u00fcber Geschlechterrollen und eine selbstbestimmte Lebensgestaltung an.","breadcrumb":{"@id":"https:\/\/pia-hessen.de\/ro\/informatii-referitoare-la-sanatate\/sanatatea-generala#breadcrumb"},"inLanguage":"ro-RO","potentialAction":[{"@type":"ReadAction","target":["https:\/\/pia-hessen.de\/ro\/informatii-referitoare-la-sanatate\/sanatatea-generala"]}]},{"@type":"ImageObject","inLanguage":"ro-RO","@id":"https:\/\/pia-hessen.de\/ro\/informatii-referitoare-la-sanatate\/sanatatea-generala#primaryimage","url":"https:\/\/pia-hessen.de\/wp-content\/uploads\/2021\/05\/gesundheitsamtffm.jpg","contentUrl":"https:\/\/pia-hessen.de\/wp-content\/uploads\/2021\/05\/gesundheitsamtffm.jpg"},{"@type":"BreadcrumbList","@id":"https:\/\/pia-hessen.de\/ro\/informatii-referitoare-la-sanatate\/sanatatea-generala#breadcrumb","itemListElement":[{"@type":"ListItem","position":1,"name":"Startseite","item":"https:\/\/pia-hessen.de\/ro"},{"@type":"ListItem","position":2,"name":"S\u0103n\u0103tate","item":"https:\/\/pia-hessen.de\/ro\/informatii-referitoare-la-sanatate"},{"@type":"ListItem","position":3,"name":"S\u0103n\u0103tatea general\u0103"}]},{"@type":"WebSite","@id":"https:\/\/pia-hessen.de\/ro#website","url":"https:\/\/pia-hessen.de\/ro","name":"PIA Hessen - Informationen und Beratung rund um Prostitution","description":"","publisher":{"@id":"https:\/\/pia-hessen.de\/ro#organization"},"potentialAction":[{"@type":"SearchAction","target":{"@type":"EntryPoint","urlTemplate":"https:\/\/pia-hessen.de\/ro?s={search_term_string}"},"query-input":{"@type":"PropertyValueSpecification","valueRequired":true,"valueName":"search_term_string"}}],"inLanguage":"ro-RO"},{"@type":"Organization","@id":"https:\/\/pia-hessen.de\/ro#organization","name":"PIA Hessen - Informationen und Beratung rund um Prostitution","url":"https:\/\/pia-hessen.de\/ro","logo":{"@type":"ImageObject","inLanguage":"ro-RO","@id":"https:\/\/pia-hessen.de\/ro#\/schema\/logo\/image\/","url":"https:\/\/pia-hessen.de\/wp-content\/uploads\/2022\/12\/pia-logo.png","contentUrl":"https:\/\/pia-hessen.de\/wp-content\/uploads\/2022\/12\/pia-logo.png","width":300,"height":156,"caption":"PIA Hessen - Informationen und Beratung rund um Prostitution"},"image":{"@id":"https:\/\/pia-hessen.de\/ro#\/schema\/logo\/image\/"}}]}},"_links":{"self":[{"href":"https:\/\/pia-hessen.de\/ro\/wp-json\/wp\/v2\/pages\/5748","targetHints":{"allow":["GET"]}}],"collection":[{"href":"https:\/\/pia-hessen.de\/ro\/wp-json\/wp\/v2\/pages"}],"about":[{"href":"https:\/\/pia-hessen.de\/ro\/wp-json\/wp\/v2\/types\/page"}],"author":[{"embeddable":true,"href":"https:\/\/pia-hessen.de\/ro\/wp-json\/wp\/v2\/users\/5"}],"replies":[{"embeddable":true,"href":"https:\/\/pia-hessen.de\/ro\/wp-json\/wp\/v2\/comments?post=5748"}],"version-history":[{"count":20,"href":"https:\/\/pia-hessen.de\/ro\/wp-json\/wp\/v2\/pages\/5748\/revisions"}],"predecessor-version":[{"id":7184,"href":"https:\/\/pia-hessen.de\/ro\/wp-json\/wp\/v2\/pages\/5748\/revisions\/7184"}],"up":[{"embeddable":true,"href":"https:\/\/pia-hessen.de\/ro\/wp-json\/wp\/v2\/pages\/5726"}],"wp:attachment":[{"href":"https:\/\/pia-hessen.de\/ro\/wp-json\/wp\/v2\/media?parent=5748"}],"curies":[{"name":"wp","href":"https:\/\/api.w.org\/{rel}","templated":true}]}}